{"id":1615,"date":"2023-02-16T13:32:49","date_gmt":"2023-02-16T13:32:49","guid":{"rendered":"https:\/\/www.elenarognadesign.com\/privacy-policy\/"},"modified":"2023-06-01T18:18:12","modified_gmt":"2023-06-01T18:18:12","slug":"privacy-policy","status":"publish","type":"page","link":"https:\/\/www.elenarognadesign.com\/en\/privacy-policy\/","title":{"rendered":"Privacy Policy"},"content":{"rendered":"\t\t<div data-elementor-type=\"wp-page\" data-elementor-id=\"1615\" class=\"elementor elementor-1615 elementor-722\" data-elementor-post-type=\"page\">\n\t\t\t\t\t\t<section class=\"elementor-section elementor-top-section elementor-element elementor-element-62859cc elementor-section-boxed elementor-section-height-default elementor-section-height-default\" data-id=\"62859cc\" data-element_type=\"section\" data-e-type=\"section\">\n\t\t\t\t\t\t<div class=\"elementor-container elementor-column-gap-default\">\n\t\t\t\t\t<div class=\"elementor-column elementor-col-100 elementor-top-column elementor-element elementor-element-685c702\" data-id=\"685c702\" data-element_type=\"column\" data-e-type=\"column\">\n\t\t\t<div class=\"elementor-widget-wrap elementor-element-populated\">\n\t\t\t\t\t\t<div class=\"elementor-element elementor-element-cbe4e61 elementor-widget elementor-widget-heading\" data-id=\"cbe4e61\" data-element_type=\"widget\" data-e-type=\"widget\" data-widget_type=\"heading.default\">\n\t\t\t\t<div class=\"elementor-widget-container\">\n\t\t\t\t\t<h1 class=\"elementor-heading-title elementor-size-default\">Privacy Policy<\/h1>\t\t\t\t<\/div>\n\t\t\t\t<\/div>\n\t\t\t\t<div class=\"elementor-element elementor-element-566c0dc elementor-widget elementor-widget-text-editor\" data-id=\"566c0dc\" data-element_type=\"widget\" data-e-type=\"widget\" data-widget_type=\"text-editor.default\">\n\t\t\t\t<div class=\"elementor-widget-container\">\n\t\t\t\t\t\t\t\t\t<p>INFORMATIVA PER IL TRATTAMENTO DEI DATI PERSONALI<\/p>\n<p>Con la presente informativa, ai sensi degli artt. 13 e 14 del Regolamento UE sulla protezione dei dati n. 2016\/679 (\u201cGDPR\u201d \u2013 General Data Protection Regulation), Le forniremo le informazioni circa il trattamento dei dati personali, anagrafici e\/o identificativi da Lei comunicati in occasione della conclusione del contratto per i servizi offerti dal Titolare. <\/p>\n<p>Titolare del trattamento.<\/p>\n<p>Il Titolare del trattamento dei Suoi dati personali \u00e8 Elena Rogna, con sede legale a Mantova, nella via 4 Novembre 12, attraverso il suo legale rappresentante (di seguito anche il \u201cTitolare del trattamento\u201d) che pu\u00f2 essere contattato mediante comunicazione scritta da inviarsi alla seguente e-mail: info@elenarogna.com;<\/p>\n<p>Finalit\u00e0 del trattamento e Base Giuridica.<\/p>\n<p>Il trattamento a cui saranno sottoposti i Suoi dati personali sar\u00e0 effettuato per le finalit\u00e0 di seguito riportate:<\/p>\n<p>Per l\u2019adempimento degli obblighi contrattauli, per garantirLe l\u2019accesso ai servizi pattuiti e al fine di fornirLe l\u2019assistenza e le informazioni necessarie in merito a quest\u2019ultimi;<br \/>(Base giuridica del trattamento: Esecuzione del contratto e\/o misure precontrattuali);<\/p>\n<p>l\u2019invio di newsletter commerciali, offerte, promozioni, sconti su nuovi servizi ed eventi tramite posta elettronica, servizio postale, social network, sms e specifiche \u201capp\u201d; <br \/>(Base giuridica del trattamento: Consenso);<\/p>\n<p>per svolgere attivit\u00e0 di profilazione, mediante la lettura e l\u2019analisi, attraverso processi decisionali automatizzati, dei comportamenti d\u2019acquisto, utilizzando i dati relativi alle Sue spese, al fine di migliorare l\u2019offerta commerciale ed effettuare specifiche promozioni di prodotti e offerte commerciali il pi\u00f9 possibile confacenti al Suo profilo e alle Sue esigenze, anche attraverso indagini e ricerche di mercato; <br \/>(Base giuridica del trattamento: Consenso dell\u2019interessato);<\/p>\n<p>L\u2019eventuale rifiuto a prestare il proprio consenso per la finalit\u00e0 di cui al punto 1 comporter\u00e0 impossibilit\u00e0 per il Titolare di dare esecuzione al contratto.<\/p>\n<p>Inoltre la comunicazione dei suoi dati \u00e8 obbligatoria per poter dare riscontro alla Sua richiesta di informazioni e\/o di contatto pervenuta al Titolare.<\/p>\n<p>Il trattamento dei Suoi dati verr\u00e0 improntato dal Titolare del trattamento ai principi di correttezza, liceit\u00e0 e trasparenza, nonch\u00e9 di tutela della Sua riservatezza e di tutela dei Suoi diritti e in nessun caso sar\u00e0 rivolto al perseguimento di finalit\u00e0 estranee a quelle test\u00e8 menzionate.<\/p>\n<p>Potranno,altres\u00ec, essere raccolti e trattati ulteriormente altri dati tecnici e\/o cookie per come meglio specificato nella sezione \u201cCOOKIE\u201d alla quale si fa espresso rinvio.<\/p>\n<p>Modalit\u00e0 del trattamento.<\/p>\n<p>In relazione alle indicate finalit\u00e0, il trattamento dei dati avverr\u00e0 con strumenti manuali, informatici e telematici, direttamente e\/o tramite terzi, con strumenti idonei a garantire la sicurezza e la riservatezza delle informazioni stesse, in conformit\u00e0 a quanto previsto per legge.<\/p>\n<p>Comunicazione dei dati.<\/p>\n<p>I dati personali, per le finalit\u00e0 di cui sopra, potranno essere comunicati:<\/p>\n<p>a coloro i quali all\u2019interno dell\u2019organizzazione del Titolare, ne abbiano necessit\u00e0 per effetto della mansione ricoperta. Tali soggetti sono le persone autorizzate al trattamento sotto l\u2019autorit\u00e0 diretta del Titolare;<br \/>a soggetti terzi a cui il Titolare eventualmente esternalizzi determinate attivit\u00e0 e che di conseguenza erogano a quest\u2019ultimo specifici servizi strumentali, comunque correlati ai trattamenti e alle finalit\u00e0 di cui sopra, tra i quali vi rientrano a titolo esemplificativo e non esaustivo: servizi amministrativi, contabili, fiscali, di gestione del sistema informativo, di riscossione del credito. Tali soggetti terzi effettuano trattamenti per conto del Titolare e risultano autorizzati a trattarli in qualit\u00e0 di Responsabili del trattamento secondo quanto previsto dall\u2019art 28 del GDPR.<br \/>a terzi per adempiere ad obblighi di legge, per rispettare ordini provenienti da Autorit\u00e0 pubbliche o per dar seguito alle richieste provenienti dall\u2019Autorit\u00e0 giudiziaria ovvero per accertare, esercitare o difendere un diritto in sede giudiziaria.<br \/>I suoi dati personali di cui sopra potranno essere trasferiti anche a Paesi extra UE nei confronti dei quali sia emessa una decisione di adeguatezza da parte della Comissione eurorea o se il trasferimento sia soggetto a garanzie adeguate in conformit\u00e0 a quanto previsto ex artt. 44 e ss. GDPR.<\/p>\n<p>Periodo di conservazione.<\/p>\n<p>Il Titolare conserver\u00e0 i Suoi dati personali per il tempo strettamente necessario all\u2019adempimento delle finalit\u00e0 di cui sopra, nel rispetto delle vigenti normative, e comunque entro e non oltre il termine di legge di 10 anni dall\u2019ultimo utilizzo.<\/p>\n<p>Per le finalit\u00e0 di marketing e profilazione il dato di acquisto da parte dei clienti, i dati anagrafici e di contatto dei clienti e potenziali clienti relativi alle promozioni verranno conservati rispettivamente per un periodo massimo di 24 mesi e 12 mesi.<\/p>\n<p>Le fatture, i documenti contabili e i dati aventi ad oggetto le transazioni commerciali saranno conservati, ai sensi di legge, per un massimo di 10 anni.<\/p>\n<p>I suoi diritti.<\/p>\n<p>In ogni momento, Lei potr\u00e0 esercitare, ai sensi degli articoli 15 e ss. del Regolamento UE n. 2016\/679, il diritto di:<\/p>\n<p>a) chiedere la conferma dell\u2019esistenza o meno di propri dati personali;<br \/>b) ottenere le indicazioni circa le finalit\u00e0 del trattamento, le categorie dei dati personali, i destinatari o le categorie di destinatari a cui i dati personali sono stati o saranno comunicati e il periodo o criterio di conservazione;<br \/>c) ottenere la rettifica e la cancellazione dei dati;<br \/>d) ottenere la limitazione del trattamento;<br \/>e) ottenere la portabilit\u00e0 dei dati, ossia riceverli da un titolare del trattamento, in un formato strutturato, di uso comune e leggibile da dispositivo automatico, e trasmetterli ad un altro titolare del trattamento senza impedimenti;<br \/>f) opporsi al trattamento dei Suoi dati personali in qualsiasi momento (art. 21).<br \/>g) opporsi ad un processo decisionale automatizzato, compresa la profilazione (art.22);<br \/>h) revocare il consenso in qualsiasi momento senza pregiudicare la liceit\u00e0 del trattamento basata sul consenso prestato prima della revoca;<br \/>i) proporre reclamo all\u2019Autorit\u00e0 Garante della protezione dei dati (art.77) qualora ritenga che il trattamento dei suoi dati sia contrario alla normativa in vigore.<br \/>Per esercitare i suddetti diritti, potr\u00e0 inviare una richiesta agli estremi di contatto del Titolare indicati nel presente documento.<\/p><\/p>\n\t\t\t\t\t\t\t\t<\/div>\n\t\t\t\t<\/div>\n\t\t\t\t<div class=\"elementor-element elementor-element-8051168 elementor-widget elementor-widget-spacer\" data-id=\"8051168\" data-element_type=\"widget\" data-e-type=\"widget\" data-widget_type=\"spacer.default\">\n\t\t\t\t<div class=\"elementor-widget-container\">\n\t\t\t\t\t\t\t<div class=\"elementor-spacer\">\n\t\t\t<div class=\"elementor-spacer-inner\"><\/div>\n\t\t<\/div>\n\t\t\t\t\t\t<\/div>\n\t\t\t\t<\/div>\n\t\t\t\t<div class=\"elementor-element elementor-element-6b97d99 elementor-widget elementor-widget-heading\" data-id=\"6b97d99\" data-element_type=\"widget\" data-e-type=\"widget\" data-widget_type=\"heading.default\">\n\t\t\t\t<div class=\"elementor-widget-container\">\n\t\t\t\t\t<h1 class=\"elementor-heading-title elementor-size-default\">Cookies policy<\/h1>\t\t\t\t<\/div>\n\t\t\t\t<\/div>\n\t\t\t\t<div class=\"elementor-element elementor-element-5d37dde elementor-widget elementor-widget-text-editor\" data-id=\"5d37dde\" data-element_type=\"widget\" data-e-type=\"widget\" data-widget_type=\"text-editor.default\">\n\t\t\t\t<div class=\"elementor-widget-container\">\n\t\t\t\t\t\t\t\t\t<p>Questo sito utilizza cookies, anche di terze parti, per migliorarne l\u2019esperienza di navigazione, consentire a chi naviga di usufruire di eventuali servizi online e monitorare la navigazione nel sito.<\/p>\n<p>Come disabilitare i Cookies<\/p>\n<p>E\u2019 possibile disabilitare i cookies direttamente dal browser utilizzato, accedendo alle impostazioni (preferenze oppure opzioni): questa scelta potrebbe limitare alcune funzionalit\u00e0 di navigazione del sito.<\/p>\n<p>Gestione dei Cookies<\/p>\n<p>I cookies utilizzati in questo sito possono rientrare nelle categorie descritte di seguito.<\/p>\n<p>Attivit\u00e0 strettamente necessarie al funzionamento<\/p>\n<p>Questi cookies hanno natura tecnica e permettono al sito di funzionare correttamente. Ad esempio, mantengono l\u2019utente collegato durante la navigazione evitando che il sito richieda di collegarsi pi\u00f9 volte per accedere alle pagine successive.<\/p>\n<p>Attivit\u00e0 di salvataggio delle preferenze<\/p>\n<p>Questi cookie permettono di ricordare le preferenze selezionate dall\u2019utente durante la navigazione, ad esempio, consentono di impostare la lingua.<\/p>\n<p>Attivit\u00e0 Statistiche e di Misurazione dell\u2019audience (es: Google Analytics)<\/p>\n<p>Questi cookie ci aiutano a capire, attraverso dati raccolti in forma anonima e aggregata, come gli utenti interagiscono con il sito internet fornendo informazioni relative alle sezioni visitate, il tempo trascorso sul sito, eventuali malfunzionamenti. Questo aiuta a migliorare la resa del sito internet.<\/p>\n<p>Cookie di social media (es: Facebook,Instagram)<\/p>\n<p>Questi cookie di terza parte vengono utilizzati per integrare alcune diffuse funzionalit\u00e0 dei principali social media e fornirle all\u2019interno del sito. In particolare permettono la registrazione e l\u2019autenticazione sul sito tramite Facebook, Instagram e Google+, la condivisione e i commenti di pagine del sito sui social, abilitano le funzionalit\u00e0 del \u201cMi piace\u201d su Facebook, del \u201cSegui\u201d su Instagram e del \u201c+1\u2033 su G+.<\/p>\n<p>Fornitori di terze parti<\/p>\n<p>I fornitori di terze parti, tra cui Google, utilizzano cookie per pubblicare annunci in base alle precedenti visite di un utente su questo sito.<\/p>\n<p>L\u2019utilizzo dei cookie per la pubblicit\u00e0 consente a Google e ai suoi partner di pubblicare annunci per gli utenti di questo sito (e su altri siti) in base ai dati statistici raccolti su questo sito e sui siti web dei partner Google.<\/p>\n<p>Gli utenti possono scegliere di disattivare la pubblicit\u00e0 personalizzata, visitando la pagina Impostazioni annunci.<\/p>\n<p>Visitando la pagina www.aboutads.info potrai disattivare i cookies dei fornitori di terze parti.<\/p>\n\t\t\t\t\t\t\t\t<\/div>\n\t\t\t\t<\/div>\n\t\t\t\t<div class=\"elementor-element elementor-element-a68acb8 elementor-widget elementor-widget-spacer\" data-id=\"a68acb8\" data-element_type=\"widget\" data-e-type=\"widget\" data-widget_type=\"spacer.default\">\n\t\t\t\t<div class=\"elementor-widget-container\">\n\t\t\t\t\t\t\t<div class=\"elementor-spacer\">\n\t\t\t<div class=\"elementor-spacer-inner\"><\/div>\n\t\t<\/div>\n\t\t\t\t\t\t<\/div>\n\t\t\t\t<\/div>\n\t\t\t\t\t<\/div>\n\t\t<\/div>\n\t\t\t\t\t<\/div>\n\t\t<\/section>\n\t\t\t\t<\/div>\n\t\t","protected":false},"excerpt":{"rendered":"<p>Privacy Policy INFORMATIVA PER IL TRATTAMENTO DEI DATI PERSONALI Con la presente informativa, ai sensi degli artt. 13 e 14 del Regolamento UE sulla protezione dei dati n. 2016\/679 (\u201cGDPR\u201d \u2013 General Data Protection Regulation), Le forniremo le informazioni circa il trattamento dei dati personali, anagrafici e\/o identificativi da Lei comunicati in occasione della conclusione [&hellip;]<\/p>\n","protected":false},"author":1,"featured_media":0,"parent":0,"menu_order":0,"comment_status":"closed","ping_status":"closed","template":"","meta":{"footnotes":""},"class_list":["post-1615","page","type-page","status-publish","hentry"],"acf":[],"yoast_head":"<!-- This site is optimized with the Yoast SEO plugin v27.4 - https:\/\/yoast.com\/product\/yoast-seo-wordpress\/ -->\n<title>Privacy Policy - Elena Rogna<\/title>\n<meta name=\"robots\" content=\"index, follow, max-snippet:-1, max-image-preview:large, max-video-preview:-1\" \/>\n<link rel=\"canonical\" href=\"https:\/\/www.elenarognadesign.com\/en\/privacy-policy\/\" \/>\n<meta property=\"og:locale\" content=\"en_US\" \/>\n<meta property=\"og:type\" content=\"article\" \/>\n<meta property=\"og:title\" content=\"Privacy Policy - Elena Rogna\" \/>\n<meta property=\"og:description\" content=\"Privacy Policy INFORMATIVA PER IL TRATTAMENTO DEI DATI PERSONALI Con la presente informativa, ai sensi degli artt. 13 e 14 del Regolamento UE sulla protezione dei dati n. 2016\/679 (\u201cGDPR\u201d \u2013 General Data Protection Regulation), Le forniremo le informazioni circa il trattamento dei dati personali, anagrafici e\/o identificativi da Lei comunicati in occasione della conclusione [&hellip;]\" \/>\n<meta property=\"og:url\" content=\"https:\/\/www.elenarognadesign.com\/en\/privacy-policy\/\" \/>\n<meta property=\"og:site_name\" content=\"Elena Rogna\" \/>\n<meta property=\"article:modified_time\" content=\"2023-06-01T18:18:12+00:00\" \/>\n<meta name=\"twitter:card\" content=\"summary_large_image\" \/>\n<meta name=\"twitter:label1\" content=\"Est. reading time\" \/>\n\t<meta name=\"twitter:data1\" content=\"7 minutes\" \/>\n<script type=\"application\/ld+json\" class=\"yoast-schema-graph\">{\"@context\":\"https:\\\/\\\/schema.org\",\"@graph\":[{\"@type\":\"WebPage\",\"@id\":\"https:\\\/\\\/www.elenarognadesign.com\\\/en\\\/privacy-policy\\\/\",\"url\":\"https:\\\/\\\/www.elenarognadesign.com\\\/en\\\/privacy-policy\\\/\",\"name\":\"Privacy Policy - Elena Rogna\",\"isPartOf\":{\"@id\":\"https:\\\/\\\/www.elenarognadesign.com\\\/en\\\/#website\"},\"datePublished\":\"2023-02-16T13:32:49+00:00\",\"dateModified\":\"2023-06-01T18:18:12+00:00\",\"breadcrumb\":{\"@id\":\"https:\\\/\\\/www.elenarognadesign.com\\\/en\\\/privacy-policy\\\/#breadcrumb\"},\"inLanguage\":\"en-US\",\"potentialAction\":[{\"@type\":\"ReadAction\",\"target\":[\"https:\\\/\\\/www.elenarognadesign.com\\\/en\\\/privacy-policy\\\/\"]}]},{\"@type\":\"BreadcrumbList\",\"@id\":\"https:\\\/\\\/www.elenarognadesign.com\\\/en\\\/privacy-policy\\\/#breadcrumb\",\"itemListElement\":[{\"@type\":\"ListItem\",\"position\":1,\"name\":\"Home\",\"item\":\"https:\\\/\\\/www.elenarognadesign.com\\\/en\\\/homepage\\\/\"},{\"@type\":\"ListItem\",\"position\":2,\"name\":\"Privacy Policy\"}]},{\"@type\":\"WebSite\",\"@id\":\"https:\\\/\\\/www.elenarognadesign.com\\\/en\\\/#website\",\"url\":\"https:\\\/\\\/www.elenarognadesign.com\\\/en\\\/\",\"name\":\"Elena Rogna\",\"description\":\"Design Studio\",\"potentialAction\":[{\"@type\":\"SearchAction\",\"target\":{\"@type\":\"EntryPoint\",\"urlTemplate\":\"https:\\\/\\\/www.elenarognadesign.com\\\/en\\\/?s={search_term_string}\"},\"query-input\":{\"@type\":\"PropertyValueSpecification\",\"valueRequired\":true,\"valueName\":\"search_term_string\"}}],\"inLanguage\":\"en-US\"}]}<\/script>\n<!-- \/ Yoast SEO plugin. -->","yoast_head_json":{"title":"Privacy Policy - Elena Rogna","robots":{"index":"index","follow":"follow","max-snippet":"max-snippet:-1","max-image-preview":"max-image-preview:large","max-video-preview":"max-video-preview:-1"},"canonical":"https:\/\/www.elenarognadesign.com\/en\/privacy-policy\/","og_locale":"en_US","og_type":"article","og_title":"Privacy Policy - Elena Rogna","og_description":"Privacy Policy INFORMATIVA PER IL TRATTAMENTO DEI DATI PERSONALI Con la presente informativa, ai sensi degli artt. 13 e 14 del Regolamento UE sulla protezione dei dati n. 2016\/679 (\u201cGDPR\u201d \u2013 General Data Protection Regulation), Le forniremo le informazioni circa il trattamento dei dati personali, anagrafici e\/o identificativi da Lei comunicati in occasione della conclusione [&hellip;]","og_url":"https:\/\/www.elenarognadesign.com\/en\/privacy-policy\/","og_site_name":"Elena Rogna","article_modified_time":"2023-06-01T18:18:12+00:00","twitter_card":"summary_large_image","twitter_misc":{"Est. reading time":"7 minutes"},"schema":{"@context":"https:\/\/schema.org","@graph":[{"@type":"WebPage","@id":"https:\/\/www.elenarognadesign.com\/en\/privacy-policy\/","url":"https:\/\/www.elenarognadesign.com\/en\/privacy-policy\/","name":"Privacy Policy - Elena Rogna","isPartOf":{"@id":"https:\/\/www.elenarognadesign.com\/en\/#website"},"datePublished":"2023-02-16T13:32:49+00:00","dateModified":"2023-06-01T18:18:12+00:00","breadcrumb":{"@id":"https:\/\/www.elenarognadesign.com\/en\/privacy-policy\/#breadcrumb"},"inLanguage":"en-US","potentialAction":[{"@type":"ReadAction","target":["https:\/\/www.elenarognadesign.com\/en\/privacy-policy\/"]}]},{"@type":"BreadcrumbList","@id":"https:\/\/www.elenarognadesign.com\/en\/privacy-policy\/#breadcrumb","itemListElement":[{"@type":"ListItem","position":1,"name":"Home","item":"https:\/\/www.elenarognadesign.com\/en\/homepage\/"},{"@type":"ListItem","position":2,"name":"Privacy Policy"}]},{"@type":"WebSite","@id":"https:\/\/www.elenarognadesign.com\/en\/#website","url":"https:\/\/www.elenarognadesign.com\/en\/","name":"Elena Rogna","description":"Design Studio","potentialAction":[{"@type":"SearchAction","target":{"@type":"EntryPoint","urlTemplate":"https:\/\/www.elenarognadesign.com\/en\/?s={search_term_string}"},"query-input":{"@type":"PropertyValueSpecification","valueRequired":true,"valueName":"search_term_string"}}],"inLanguage":"en-US"}]}},"_links":{"self":[{"href":"https:\/\/www.elenarognadesign.com\/en\/wp-json\/wp\/v2\/pages\/1615","targetHints":{"allow":["GET"]}}],"collection":[{"href":"https:\/\/www.elenarognadesign.com\/en\/wp-json\/wp\/v2\/pages"}],"about":[{"href":"https:\/\/www.elenarognadesign.com\/en\/wp-json\/wp\/v2\/types\/page"}],"author":[{"embeddable":true,"href":"https:\/\/www.elenarognadesign.com\/en\/wp-json\/wp\/v2\/users\/1"}],"replies":[{"embeddable":true,"href":"https:\/\/www.elenarognadesign.com\/en\/wp-json\/wp\/v2\/comments?post=1615"}],"version-history":[{"count":3,"href":"https:\/\/www.elenarognadesign.com\/en\/wp-json\/wp\/v2\/pages\/1615\/revisions"}],"predecessor-version":[{"id":1618,"href":"https:\/\/www.elenarognadesign.com\/en\/wp-json\/wp\/v2\/pages\/1615\/revisions\/1618"}],"wp:attachment":[{"href":"https:\/\/www.elenarognadesign.com\/en\/wp-json\/wp\/v2\/media?parent=1615"}],"curies":[{"name":"wp","href":"https:\/\/api.w.org\/{rel}","templated":true}]}}